{"id":2991,"date":"2025-09-17T14:10:41","date_gmt":"2025-09-17T14:10:41","guid":{"rendered":"https:\/\/alvesrasteiro.pt\/?page_id=2991"},"modified":"2026-03-25T11:23:00","modified_gmt":"2026-03-25T11:23:00","slug":"faq","status":"publish","type":"page","link":"https:\/\/alvesrasteiro.pt\/en\/faq\/","title":{"rendered":"FAQ"},"content":{"rendered":"<div data-elementor-type=\"wp-page\" data-elementor-id=\"2991\" class=\"elementor elementor-2991\" data-elementor-post-type=\"page\">\n\t\t\t\t<div class=\"elementor-element elementor-element-9968a11 e-flex e-con-boxed e-con e-parent\" data-id=\"9968a11\" data-element_type=\"container\">\n\t\t\t\t\t<div class=\"e-con-inner\">\n\t\t\t\t<div class=\"elementor-element elementor-element-d539d5e elementor-widget elementor-widget-html\" data-id=\"d539d5e\" data-element_type=\"widget\" data-widget_type=\"html.default\">\n\t\t\t\t<div class=\"elementor-widget-container\">\n\t\t\t\t\t<link href=\"https:\/\/fonts.googleapis.com\/css2?family=Montserrat:wght@400;600;700;900&display=swap\" rel=\"stylesheet\">\r\n<link rel=\"stylesheet\" href=\"https:\/\/cdnjs.cloudflare.com\/ajax\/libs\/font-awesome\/6.4.0\/css\/all.min.css\">\r\n\r\n<style>\r\n  :root {\r\n    --verde-formacao: #468074;\r\n    --preto-titulo: #1b1b1b;\r\n  }\r\n\r\n  .faq-block {\r\n    font-family: 'Montserrat', sans-serif;\r\n    max-width: 1000px;\r\n    margin: 0 auto;\r\n    padding: 60px 20px;\r\n  }\r\n\r\n  .faq-intro {\r\n    text-align: center;\r\n    margin-bottom: 50px;\r\n  }\r\n  \r\n  .faq-intro h1 {\r\n    font-size: clamp(30px, 5vw, 45px);\r\n    font-weight: 900;\r\n    color: var(--preto-titulo);\r\n    text-transform: uppercase;\r\n    margin-bottom: 10px;\r\n  }\r\n\r\n  .faq-category {\r\n    margin-bottom: 50px;\r\n  }\r\n\r\n  .faq-category h2 {\r\n    font-size: 1.5rem;\r\n    font-weight: 800;\r\n    margin-bottom: 25px;\r\n    color: var(--preto-titulo);\r\n    display: flex;\r\n    align-items: center;\r\n    gap: 15px;\r\n    border-bottom: 3px solid #eee;\r\n    padding-bottom: 10px;\r\n  }\r\n\r\n  .faq-category h2 i {\r\n    color: var(--verde-formacao);\r\n  }\r\n\r\n  .faq-item {\r\n    margin-bottom: 15px;\r\n    border-radius: 12px;\r\n    overflow: hidden;\r\n    transition: all 0.3s ease;\r\n    border: 1px solid #eee;\r\n    background: transparent;\r\n  }\r\n\r\n  .faq-item:hover {\r\n    border-color: var(--verde-formacao);\r\n    box-shadow: 0 5px 15px rgba(70, 128, 116, 0.1);\r\n  }\r\n\r\n  .faq-question {\r\n    padding: 20px 25px;\r\n    cursor: pointer;\r\n    display: flex;\r\n    align-items: center;\r\n    justify-content: space-between;\r\n    font-weight: 700;\r\n    font-size: 1.05rem;\r\n    color: var(--preto-titulo);\r\n    background-color: rgba(255, 255, 255, 0.6);\r\n    transition: 0.3s;\r\n  }\r\n\r\n  .faq-question i {\r\n    transition: transform 0.4s cubic-bezier(0.4, 0, 0.2, 1);\r\n    color: var(--verde-formacao);\r\n    font-size: 0.9rem;\r\n  }\r\n\r\n  .faq-answer {\r\n    max-height: 0;\r\n    overflow: hidden;\r\n    transition: max-height 0.4s ease-out;\r\n    background-color: #ffffff;\r\n  }\r\n\r\n  .faq-answer-inner {\r\n    padding: 25px;\r\n    font-size: 1rem;\r\n    line-height: 1.8;\r\n    color: #444;\r\n    border-top: 1px solid #eee;\r\n  }\r\n\r\n  .faq-answer a {\r\n    color: var(--verde-formacao);\r\n    text-decoration: none;\r\n    font-weight: 700;\r\n  }\r\n\r\n  .faq-item.active {\r\n    border-color: var(--verde-formacao);\r\n  }\r\n\r\n  .faq-item.active .faq-question {\r\n    background-color: #fff;\r\n    color: var(--verde-formacao);\r\n  }\r\n\r\n  .faq-item.active .faq-question i {\r\n    transform: rotate(180deg);\r\n  }\r\n\r\n  .faq-item.active .faq-answer {\r\n    max-height: 1200px;\r\n  }\r\n<\/style>\r\n\r\n<div class=\"faq-block\">\r\n  \r\n  <header class=\"faq-intro\">\r\n    <h1>Perguntas <span style=\"color:var(--verde-formacao);\">Frequentes<\/span><\/h1>\r\n  <\/header>\r\n\r\n  <div class=\"faq-category\">\r\n    <h2><i class=\"fa-solid fa-graduation-cap\"><\/i> Subsidized Training<\/h2>\r\n\r\n    <div class=\"faq-item\">\r\n      <div class=\"faq-question\">What does it mean that the training is funded? <i class=\"fa-solid fa-chevron-down\"><\/i><\/div>\r\n      <div class=\"faq-answer\"><div class=\"faq-answer-inner\">Significa que o custo da forma\u00e7\u00e3o \u00e9 totalmente coberto por fundos p\u00fablicos ou programas espec\u00edficos, n\u00e3o sendo necess\u00e1rio pagar nada.<\/div><\/div>\r\n    <\/div>\r\n\r\n    <div class=\"faq-item\">\r\n      <div class=\"faq-question\">Is the training really free? <i class=\"fa-solid fa-chevron-down\"><\/i><\/div>\r\n      <div class=\"faq-answer\"><div class=\"faq-answer-inner\">Sim! A forma\u00e7\u00e3o \u00e9 100% gratuita para os participantes, sem custos ocultos.<\/div><\/div>\r\n    <\/div>\r\n\r\n    <div class=\"faq-item\">\r\n      <div class=\"faq-question\">Who can participate in this training? <i class=\"fa-solid fa-chevron-down\"><\/i><\/div>\r\n      <div class=\"faq-answer\"><div class=\"faq-answer-inner\">Geralmente, qualquer pessoa que cumpra os crit\u00e9rios do programa financiador, como idade, situa\u00e7\u00e3o profissional, escolaridade m\u00ednima, ou zona de resid\u00eancia. Cada curso pode ter requisitos espec\u00edficos.<\/div><\/div>\r\n    <\/div>\r\n\r\n    <div class=\"faq-item\">\r\n      <div class=\"faq-question\">Do I need prior experience in the area to participate? <i class=\"fa-solid fa-chevron-down\"><\/i><\/div>\r\n      <div class=\"faq-answer\"><div class=\"faq-answer-inner\">No.<\/div><\/div>\r\n    <\/div>\r\n\r\n    <div class=\"faq-item\">\r\n      <div class=\"faq-question\">How does online training work? <i class=\"fa-solid fa-chevron-down\"><\/i><\/div>\r\n      <div class=\"faq-answer\"><div class=\"faq-answer-inner\">As aulas s\u00e3o ao vivo por videoconfer\u00eancia, usando a plataforma online Zoom.<\/div><\/div>\r\n    <\/div>\r\n\r\n    <div class=\"faq-item\">\r\n      <div class=\"faq-question\">How long does the training last? <i class=\"fa-solid fa-chevron-down\"><\/i><\/div>\r\n      <div class=\"faq-answer\"><div class=\"faq-answer-inner\">A carga hor\u00e1ria \u00e9 de 25 ou 50 horas. Sendo que a dura\u00e7\u00e3o varia de acordo com o curso, dependendo da distribui\u00e7\u00e3o dessas horas.<\/div><\/div>\r\n    <\/div>\r\n\r\n    <div class=\"faq-item\">\r\n      <div class=\"faq-question\">Will I receive a certificate at the end of the training? <i class=\"fa-solid fa-chevron-down\"><\/i><\/div>\r\n      <div class=\"faq-answer\"><div class=\"faq-answer-inner\">Sim. As forma\u00e7\u00f5es financiadas oferecem um certificado digital na plataforma SIGO, que pode ser \u00fatil para emprego ou progress\u00e3o na carreira.<\/div><\/div>\r\n    <\/div>\r\n\r\n    <div class=\"faq-item\">\r\n      <div class=\"faq-question\">How do I enroll in the training? <i class=\"fa-solid fa-chevron-down\"><\/i><\/div>\r\n      <div class=\"faq-answer\"><div class=\"faq-answer-inner\">Atrav\u00e9s de um formul\u00e1rio online ou enviando um email diretamente para <a href=\"mailto:formacao1@alvesrasteiro.pt\">formacao1@alvesrasteiro.pt<\/a>, fornecendo alguns dados pessoais e documentos.<\/div><\/div>\r\n    <\/div>\r\n\r\n    <div class=\"faq-item\">\r\n      <div class=\"faq-question\">Is there a limit on the number of spots? <i class=\"fa-solid fa-chevron-down\"><\/i><\/div>\r\n      <div class=\"faq-answer\"><div class=\"faq-answer-inner\">Sim. Por ser uma forma\u00e7\u00e3o gratuita e financiada, o n\u00famero de vagas pode ser limitado e a inscri\u00e7\u00e3o deve ser feita rapidamente.<\/div><\/div>\r\n    <\/div>\r\n  <\/div>\r\n\r\n  <div class=\"faq-category\">\r\n    <h2><i class=\"fa-solid fa-wallet\"><\/i> Non Subsidized Training<\/h2>\r\n\r\n    <div class=\"faq-item\">\r\n      <div class=\"faq-question\">What does non-funded training mean? <i class=\"fa-solid fa-chevron-down\"><\/i><\/div>\r\n      <div class=\"faq-answer\"><div class=\"faq-answer-inner\">Significa que a forma\u00e7\u00e3o n\u00e3o \u00e9 comparticipada por fundos p\u00fablicos, pelo que o valor \u00e9 assumido diretamente pelo formando ou pela sua empresa.<\/div><\/div>\r\n    <\/div>\r\n\r\n    <div class=\"faq-item\">\r\n      <div class=\"faq-question\">How much does the training cost? <i class=\"fa-solid fa-chevron-down\"><\/i><\/div>\r\n      <div class=\"faq-answer\"><div class=\"faq-answer-inner\">O valor varia consoante o curso. Est\u00e1 indicado como \u201csob consulta\u201d porque depende de fatores como a data, local ou n\u00famero de formandos. Pode solicitar-nos um or\u00e7amento personalizado.<\/div><\/div>\r\n    <\/div>\r\n\r\n    <div class=\"faq-item\">\r\n      <div class=\"faq-question\">Are the trainings mandatory? <i class=\"fa-solid fa-chevron-down\"><\/i><\/div>\r\n      <div class=\"faq-answer\"><div class=\"faq-answer-inner\">Algumas sim. No caso dos T\u00e9cnicos Respons\u00e1veis de SCIE, a legisla\u00e7\u00e3o exige forma\u00e7\u00e3o espec\u00edfica para cada tipo de sistema ou equipamento. Nestes casos, a forma\u00e7\u00e3o \u00e9 indispens\u00e1vel para o exerc\u00edcio da atividade.<\/div><\/div>\r\n    <\/div>\r\n\r\n    <div class=\"faq-item\">\r\n      <div class=\"faq-question\">Are the trainers specialized? <i class=\"fa-solid fa-chevron-down\"><\/i><\/div>\r\n      <div class=\"faq-answer\"><div class=\"faq-answer-inner\">Sim. Os nossos formadores s\u00e3o profissionais e certificados.<\/div><\/div>\r\n    <\/div>\r\n\r\n    <div class=\"faq-item\">\r\n      <div class=\"faq-question\">Do I receive a certificate at the end? <i class=\"fa-solid fa-chevron-down\"><\/i><\/div>\r\n      <div class=\"faq-answer\"><div class=\"faq-answer-inner\">Sim. Todos os formandos que conclu\u00edrem com aproveitamento recebem um certificado, na plataforma SIGO, v\u00e1lido para efeitos profissionais.<\/div><\/div>\r\n    <\/div>\r\n\r\n    <div class=\"faq-item\">\r\n      <div class=\"faq-question\">Can I enroll individually, or is it only for companies? <i class=\"fa-solid fa-chevron-down\"><\/i><\/div>\r\n      <div class=\"faq-answer\"><div class=\"faq-answer-inner\">Pode inscrever-se individualmente. Tamb\u00e9m disponibilizamos forma\u00e7\u00f5es \u00e0 medida para empresas ou grupos.<\/div><\/div>\r\n    <\/div>\r\n  <\/div>\r\n\r\n  <div class=\"faq-category\">\r\n    <h2><i class=\"fa-solid fa-shield-halved\"><\/i> Seguran\u00e7a Contra Inc\u00eandio (SCIE)<\/h2>\r\n\r\n    <div class=\"faq-item\">\r\n      <div class=\"faq-question\">What is FSB? <i class=\"fa-solid fa-chevron-down\"><\/i><\/div>\r\n      <div class=\"faq-answer\"><div class=\"faq-answer-inner\">SCIE significa Seguran\u00e7a Contra Inc\u00eandio em Edif\u00edcios. \u00c9 o conjunto de medidas, equipamentos, sistemas e procedimentos que visam reduzir o risco de inc\u00eandio.<\/div><\/div>\r\n    <\/div>\r\n\r\n    <div class=\"faq-item\">\r\n      <div class=\"faq-question\">What are Self-Protection Measures? <i class=\"fa-solid fa-chevron-down\"><\/i><\/div>\r\n      <div class=\"faq-answer\"><div class=\"faq-answer-inner\">S\u00e3o procedimentos organizativos e t\u00e9cnicos que garantem a manuten\u00e7\u00e3o das condi\u00e7\u00f5es de seguran\u00e7a. Incluem planos de preven\u00e7\u00e3o, emerg\u00eancia, registos de seguran\u00e7a e simulacros.<\/div><\/div>\r\n    <\/div>\r\n\r\n    <div class=\"faq-item\">\r\n      <div class=\"faq-question\">Who can prepare Self-Protection Measures? <i class=\"fa-solid fa-chevron-down\"><\/i><\/div>\r\n      <div class=\"faq-answer\"><div class=\"faq-answer-inner\">Apenas t\u00e9cnicos credenciados e com experi\u00eancia na \u00e1rea de SCIE, como a equipa da Alves & Rasteiro, que j\u00e1 elaborou mais de 2.500 MAPs aprovadas pela ANEPC.<\/div><\/div>\r\n    <\/div>\r\n\r\n    <div class=\"faq-item\">\r\n      <div class=\"faq-question\">Qual a diferen\u00e7a entre Projeto de SCIE e MAP? <i class=\"fa-solid fa-chevron-down\"><\/i><\/div>\r\n      <div class=\"faq-answer\"><div class=\"faq-answer-inner\">O Projeto de SCIE define os sistemas e equipamentos a instalar (fase de constru\u00e7\u00e3o). As Medidas de Autoprote\u00e7\u00e3o regulam a sua utiliza\u00e7\u00e3o e manuten\u00e7\u00e3o (fase de explora\u00e7\u00e3o).<\/div><\/div>\r\n    <\/div>\r\n\r\n    <div class=\"faq-item\">\r\n      <div class=\"faq-question\">What happens if an entity does not have approved Self-Protection Measures (SPMs)? <i class=\"fa-solid fa-chevron-down\"><\/i><\/div>\r\n      <div class=\"faq-answer\"><div class=\"faq-answer-inner\">A aus\u00eancia de MAP constitui contraordena\u00e7\u00e3o grave. Para al\u00e9m de coimas, pode levar \u00e0 suspens\u00e3o da atividade e responsabilidade criminal em caso de acidente.<\/div><\/div>\r\n    <\/div>\r\n  <\/div>\r\n\r\n<\/div>\r\n\r\n<script>\r\n  document.querySelectorAll('.faq-question').forEach(button => {\r\n    button.addEventListener('click', () => {\r\n      const faqItem = button.parentElement;\r\n      document.querySelectorAll('.faq-item').forEach(item => {\r\n        if (item !== faqItem) item.classList.remove('active');\r\n      });\r\n      faqItem.classList.toggle('active');\r\n    });\r\n  });\r\n<\/script>\t\t\t\t<\/div>\n\t\t\t\t<\/div>\n\t\t\t\t\t<\/div>\n\t\t\t\t<\/div>\n\t\t\t\t<\/div>","protected":false},"excerpt":{"rendered":"<p>Perguntas Frequentes Forma\u00e7\u00e3o Financiada O que significa que a forma\u00e7\u00e3o \u00e9 financiada? Significa que o custo da forma\u00e7\u00e3o \u00e9 totalmente coberto por fundos p\u00fablicos ou programas espec\u00edficos, n\u00e3o sendo necess\u00e1rio pagar nada. A forma\u00e7\u00e3o \u00e9 realmente gratuita? Sim! A forma\u00e7\u00e3o \u00e9 100% gratuita para os participantes, sem custos ocultos. Quem pode participar nesta forma\u00e7\u00e3o? Geralmente, [&hellip;]<\/p>","protected":false},"author":10,"featured_media":0,"parent":0,"menu_order":0,"comment_status":"closed","ping_status":"closed","template":"","meta":{"_acf_changed":false,"footnotes":""},"class_list":["post-2991","page","type-page","status-publish","hentry"],"acf":[],"_links":{"self":[{"href":"https:\/\/alvesrasteiro.pt\/en\/wp-json\/wp\/v2\/pages\/2991","targetHints":{"allow":["GET"]}}],"collection":[{"href":"https:\/\/alvesrasteiro.pt\/en\/wp-json\/wp\/v2\/pages"}],"about":[{"href":"https:\/\/alvesrasteiro.pt\/en\/wp-json\/wp\/v2\/types\/page"}],"author":[{"embeddable":true,"href":"https:\/\/alvesrasteiro.pt\/en\/wp-json\/wp\/v2\/users\/10"}],"replies":[{"embeddable":true,"href":"https:\/\/alvesrasteiro.pt\/en\/wp-json\/wp\/v2\/comments?post=2991"}],"version-history":[{"count":0,"href":"https:\/\/alvesrasteiro.pt\/en\/wp-json\/wp\/v2\/pages\/2991\/revisions"}],"wp:attachment":[{"href":"https:\/\/alvesrasteiro.pt\/en\/wp-json\/wp\/v2\/media?parent=2991"}],"curies":[{"name":"wp","href":"https:\/\/api.w.org\/{rel}","templated":true}]}}